{"id":2337,"date":"2025-12-16T00:47:26","date_gmt":"2025-12-16T00:47:26","guid":{"rendered":"https:\/\/zenkaisen.fr\/?post_type=livre&#038;p=2337"},"modified":"2025-12-16T00:47:27","modified_gmt":"2025-12-16T00:47:27","slug":"duch-petanque","status":"publish","type":"livre","link":"https:\/\/zenkaisen.fr\/cs\/kniha\/duch-petanque\/","title":{"rendered":"Duch p\u00e9tanque"},"content":{"rendered":"<p>Form\u00e1t: Bro\u017eovan\u00e1, 94 stran<br>Datum zve\u0159ejn\u011bn\u00ed: 31. b\u0159ezna 2009<br>Vydavatel: Accarias\/L\u2019Originel<br>ISBN: 9782863161678&nbsp;<br>K dost\u00e1n\u00ed v Pic Lumineux, 15 \u20ac + po\u0161tovn\u00e9<\/p>\n\n\n\n<p>\u00abPro m\u011b je p\u00e9tanque v\u00edc ne\u017e jen hra, v\u00edc ne\u017e sport a v\u00edc ne\u017e boj. Je to \u00fa\u017easn\u00e1 p\u0159\u00edle\u017eitost rozv\u00edjet v\u00fdjime\u010dn\u00e9 lidsk\u00e9 vlastnosti a umo\u017e\u0148uje hr\u00e1\u010di l\u00e9pe komunikovat s okoln\u00edm sv\u011btem a p\u0159edev\u0161\u00edm s\u00e1m se sebou.\u00bb<br>Sando Kaisen<\/p>\n\n\n\n<p>Francie m\u00e1 dnes 400 000 licencovan\u00fdch hr\u00e1\u010d\u016f p\u00e9tanque a stejn\u011b tolik praktikuj\u00edc\u00edch buddhist\u016f. Jak\u00fd je vztah mezi t\u011bmito dv\u011bma discipl\u00ednami? Sando Kaisen, francouzsk\u00fd zenov\u00fd mnich, n\u00e1m v t\u00e9to origin\u00e1ln\u00ed knize p\u0159in\u00e1\u0161\u00ed odpov\u011b\u010f na tuto ot\u00e1zku.<br>Sando Kaisen, kter\u00fd podporuje hr\u00e1\u010de na velmi vysok\u00e9 \u00farovni, kter\u00e9 pova\u017euje za skute\u010dn\u00e9 um\u011blce, a je bystr\u00fdm pozorovatelem velk\u00fdch n\u00e1rodn\u00edch a mezin\u00e1rodn\u00edch sout\u011b\u017e\u00ed, rozv\u00edj\u00ed origin\u00e1ln\u00ed \u00favahy o t\u00e9to popul\u00e1rn\u00ed h\u0159e, kter\u00e1 vznikla na po\u010d\u00e1tku stolet\u00ed v La Ciotat.&nbsp;<br>Na z\u00e1klad\u011b hlavn\u00edch u\u010den\u00ed zenov\u00e9ho buddhismu a sv\u00fdch osobn\u00edch zku\u0161enost\u00ed n\u00e1m Sando Kaisen p\u0159edstavuje hlavn\u00ed aspekty \u00abt\u011bla a mysli\u00bb, kter\u00e9 se projevuj\u00ed u hr\u00e1\u010de p\u00e9tanque: emoce, stres, rozru\u0161en\u00e1 mysl, touha zv\u00edt\u011bzit... Pr\u00e1v\u011b d\u00edky spr\u00e1vn\u00e9 koncentraci (klidn\u00e9 a z\u00e1rove\u0148 dynamick\u00e9), zapomenut\u00ed na \u00abt\u011blo-mysl\u00bb, jej\u00edmu projasn\u011bn\u00ed vstupem do velk\u00e9 P\u0159\u00edtomnosti a soust\u0159ed\u011bn\u00ed se na vnit\u0159n\u00ed dech se hr\u00e1\u010d p\u00e9tanque \u2013 stejn\u011b jako ka\u017ed\u00fd \u010dlov\u011bk \u2013 st\u00e1v\u00e1 \u017eiv\u00fdm, kreativn\u00edm a spont\u00e1nn\u00edm d\u00edky p\u0159irozen\u00e9mu el\u00e1nu, kter\u00fd je v ka\u017ed\u00e9m z n\u00e1s.&nbsp;<br>Sando Kaisen rozv\u00edj\u00ed tyto r\u016fzn\u00e9 aspekty: pozornost, luciditu, p\u0159\u00edtomnost, dr\u017een\u00ed t\u011bla, d\u00fdch\u00e1n\u00ed; v\u0161echna tato slova jsou dob\u0159e zn\u00e1m\u00e1 hr\u00e1\u010d\u016fm p\u00e9tanque a buddhist\u016fm, kte\u0159\u00ed se, ani\u017e by to v\u011bd\u011bli, shoduj\u00ed v oblasti sebepozn\u00e1n\u00ed.&nbsp;<br>V duchu slavn\u00e9 knihy Eugena Herrigela \u00abZen v ryt\u00ed\u0159sk\u00e9m um\u011bn\u00ed lukost\u0159elby\u00bb povy\u0161uje pojedn\u00e1n\u00ed Sanda Kaisena p\u00e9tanque na \u00farove\u0148 etiky a odhaluje p\u0159ekvapiv\u00e9 souvislosti mezi hrou a na\u0161\u00edm vlastn\u00edm duchem...&nbsp;<br>Sando Kaisen, Alain Krystaszek, se narodil v roce 1952 v Noyonu v departementu Oise. V roce 1968 se stal \u017e\u00e1kem slavn\u00e9ho zenov\u00e9ho mistra Taisena Deshimaru, od kter\u00e9ho v roce 1979 p\u0159ijal sv\u011bcen\u00ed pod jm\u00e9nem Sando Kaisen (\u00abosam\u011bl\u00fd poustevn\u00edk v hlubok\u00fdch hor\u00e1ch\u00bb). Jako v\u00e1\u0161niv\u00fd milovn\u00edk bojov\u00fdch um\u011bn\u00ed se rozhodl podniknout cestu do \u010c\u00edny. Petanque hraje ji\u017e t\u00e9m\u011b\u0159 30 let. Nyn\u00ed \u017eije ve Francii ve sv\u00e9m kl\u00e1\u0161te\u0159e v departementu Dordogne.<\/p>","protected":false},"excerpt":{"rendered":"<p>Format : Broch\u00e9, 94 pagesDate de publication : 31 mars 2009\u00c9diteur : Accarias\/L&rsquo;OriginelISBN : 9782863161678&nbsp;En vente au Pic Lumineux, 15 \u20ac + frais d&rsquo;envoi \u00ab&nbsp;Pour moi, la p\u00e9tanque est plus [&hellip;]<\/p>\n","protected":false},"featured_media":2338,"template":"","meta":{"_acf_changed":false},"class_list":["post-2337","livre","type-livre","status-publish","has-post-thumbnail","hentry"],"acf":[],"yoast_head":"<!-- This site is optimized with the Yoast SEO plugin v27.5 - https:\/\/yoast.com\/product\/yoast-seo-wordpress\/ -->\n<title>L&#039;esprit de la p\u00e9tanque - Le Zen de Kaisen<\/title>\n<meta name=\"robots\" content=\"index, follow, max-snippet:-1, max-image-preview:large, max-video-preview:-1\" \/>\n<link rel=\"canonical\" href=\"https:\/\/zenkaisen.fr\/cs\/kniha\/duch-petanque\/\" \/>\n<meta property=\"og:locale\" content=\"cs_CZ\" \/>\n<meta property=\"og:type\" content=\"article\" \/>\n<meta property=\"og:title\" content=\"L&#039;esprit de la p\u00e9tanque - Le Zen de Kaisen\" \/>\n<meta property=\"og:description\" content=\"Format : Broch\u00e9, 94 pagesDate de publication : 31 mars 2009\u00c9diteur : Accarias\/L&rsquo;OriginelISBN : 9782863161678&nbsp;En vente au Pic Lumineux, 15 \u20ac + frais d&rsquo;envoi \u00ab&nbsp;Pour moi, la p\u00e9tanque est plus [&hellip;]\" \/>\n<meta property=\"og:url\" content=\"https:\/\/zenkaisen.fr\/cs\/kniha\/duch-petanque\/\" \/>\n<meta property=\"og:site_name\" content=\"Le Zen de Kaisen\" \/>\n<meta property=\"article:modified_time\" content=\"2025-12-16T00:47:27+00:00\" \/>\n<meta property=\"og:image\" content=\"https:\/\/zenkaisen.fr\/wp-content\/uploads\/2025\/12\/image.png\" \/>\n\t<meta property=\"og:image:width\" content=\"200\" \/>\n\t<meta property=\"og:image:height\" content=\"317\" \/>\n\t<meta property=\"og:image:type\" content=\"image\/png\" \/>\n<meta name=\"twitter:card\" content=\"summary_large_image\" \/>\n<meta name=\"twitter:label1\" content=\"Odhadovan\u00e1 doba \u010dten\u00ed\" \/>\n\t<meta name=\"twitter:data1\" content=\"3 minuty\" \/>\n<script type=\"application\/ld+json\" class=\"yoast-schema-graph\">{\"@context\":\"https:\\\/\\\/schema.org\",\"@graph\":[{\"@type\":\"WebPage\",\"@id\":\"https:\\\/\\\/zenkaisen.fr\\\/livre\\\/lesprit-de-la-petanque\\\/\",\"url\":\"https:\\\/\\\/zenkaisen.fr\\\/livre\\\/lesprit-de-la-petanque\\\/\",\"name\":\"L'esprit de la p\u00e9tanque - Le Zen de Kaisen\",\"isPartOf\":{\"@id\":\"https:\\\/\\\/zenkaisen.fr\\\/ru\\\/#website\"},\"primaryImageOfPage\":{\"@id\":\"https:\\\/\\\/zenkaisen.fr\\\/livre\\\/lesprit-de-la-petanque\\\/#primaryimage\"},\"image\":{\"@id\":\"https:\\\/\\\/zenkaisen.fr\\\/livre\\\/lesprit-de-la-petanque\\\/#primaryimage\"},\"thumbnailUrl\":\"https:\\\/\\\/zenkaisen.fr\\\/wp-content\\\/uploads\\\/2025\\\/12\\\/image.png\",\"datePublished\":\"2025-12-16T00:47:26+00:00\",\"dateModified\":\"2025-12-16T00:47:27+00:00\",\"breadcrumb\":{\"@id\":\"https:\\\/\\\/zenkaisen.fr\\\/livre\\\/lesprit-de-la-petanque\\\/#breadcrumb\"},\"inLanguage\":\"cs\",\"potentialAction\":[{\"@type\":\"ReadAction\",\"target\":[\"https:\\\/\\\/zenkaisen.fr\\\/livre\\\/lesprit-de-la-petanque\\\/\"]}]},{\"@type\":\"ImageObject\",\"inLanguage\":\"cs\",\"@id\":\"https:\\\/\\\/zenkaisen.fr\\\/livre\\\/lesprit-de-la-petanque\\\/#primaryimage\",\"url\":\"https:\\\/\\\/zenkaisen.fr\\\/wp-content\\\/uploads\\\/2025\\\/12\\\/image.png\",\"contentUrl\":\"https:\\\/\\\/zenkaisen.fr\\\/wp-content\\\/uploads\\\/2025\\\/12\\\/image.png\",\"width\":200,\"height\":317},{\"@type\":\"BreadcrumbList\",\"@id\":\"https:\\\/\\\/zenkaisen.fr\\\/livre\\\/lesprit-de-la-petanque\\\/#breadcrumb\",\"itemListElement\":[{\"@type\":\"ListItem\",\"position\":1,\"name\":\"Strona g\u0142\u00f3wna\",\"item\":\"https:\\\/\\\/zenkaisen.fr\\\/\"},{\"@type\":\"ListItem\",\"position\":2,\"name\":\"L&#8217;esprit de la p\u00e9tanque\"}]},{\"@type\":\"WebSite\",\"@id\":\"https:\\\/\\\/zenkaisen.fr\\\/ru\\\/#website\",\"url\":\"https:\\\/\\\/zenkaisen.fr\\\/ru\\\/\",\"name\":\"Le Zen de Kaisen\",\"description\":\"Zen\",\"publisher\":{\"@id\":\"https:\\\/\\\/zenkaisen.fr\\\/ru\\\/#organization\"},\"potentialAction\":[{\"@type\":\"SearchAction\",\"target\":{\"@type\":\"EntryPoint\",\"urlTemplate\":\"https:\\\/\\\/zenkaisen.fr\\\/ru\\\/?s={search_term_string}\"},\"query-input\":{\"@type\":\"PropertyValueSpecification\",\"valueRequired\":true,\"valueName\":\"search_term_string\"}}],\"inLanguage\":\"cs\"},{\"@type\":\"Organization\",\"@id\":\"https:\\\/\\\/zenkaisen.fr\\\/ru\\\/#organization\",\"name\":\"Le Zen de Kaisen\",\"url\":\"https:\\\/\\\/zenkaisen.fr\\\/ru\\\/\",\"logo\":{\"@type\":\"ImageObject\",\"inLanguage\":\"cs\",\"@id\":\"https:\\\/\\\/zenkaisen.fr\\\/ru\\\/#\\\/schema\\\/logo\\\/image\\\/\",\"url\":\"https:\\\/\\\/zenkaisen.fr\\\/wp-content\\\/uploads\\\/2025\\\/07\\\/logo.png\",\"contentUrl\":\"https:\\\/\\\/zenkaisen.fr\\\/wp-content\\\/uploads\\\/2025\\\/07\\\/logo.png\",\"width\":300,\"height\":300,\"caption\":\"Le Zen de Kaisen\"},\"image\":{\"@id\":\"https:\\\/\\\/zenkaisen.fr\\\/ru\\\/#\\\/schema\\\/logo\\\/image\\\/\"}}]}<\/script>\n<!-- \/ Yoast SEO plugin. -->","yoast_head_json":{"title":"Duch p\u00e9tanque \u2013 Zen Kaisen","robots":{"index":"index","follow":"follow","max-snippet":"max-snippet:-1","max-image-preview":"max-image-preview:large","max-video-preview":"max-video-preview:-1"},"canonical":"https:\/\/zenkaisen.fr\/cs\/kniha\/duch-petanque\/","og_locale":"cs_CZ","og_type":"article","og_title":"L'esprit de la p\u00e9tanque - Le Zen de Kaisen","og_description":"Format : Broch\u00e9, 94 pagesDate de publication : 31 mars 2009\u00c9diteur : Accarias\/L&rsquo;OriginelISBN : 9782863161678&nbsp;En vente au Pic Lumineux, 15 \u20ac + frais d&rsquo;envoi \u00ab&nbsp;Pour moi, la p\u00e9tanque est plus [&hellip;]","og_url":"https:\/\/zenkaisen.fr\/cs\/kniha\/duch-petanque\/","og_site_name":"Le Zen de Kaisen","article_modified_time":"2025-12-16T00:47:27+00:00","og_image":[{"width":200,"height":317,"url":"https:\/\/zenkaisen.fr\/wp-content\/uploads\/2025\/12\/image.png","type":"image\/png"}],"twitter_card":"summary_large_image","twitter_misc":{"Odhadovan\u00e1 doba \u010dten\u00ed":"3 minuty"},"schema":{"@context":"https:\/\/schema.org","@graph":[{"@type":"WebPage","@id":"https:\/\/zenkaisen.fr\/livre\/lesprit-de-la-petanque\/","url":"https:\/\/zenkaisen.fr\/livre\/lesprit-de-la-petanque\/","name":"Duch p\u00e9tanque \u2013 Zen Kaisen","isPartOf":{"@id":"https:\/\/zenkaisen.fr\/ru\/#website"},"primaryImageOfPage":{"@id":"https:\/\/zenkaisen.fr\/livre\/lesprit-de-la-petanque\/#primaryimage"},"image":{"@id":"https:\/\/zenkaisen.fr\/livre\/lesprit-de-la-petanque\/#primaryimage"},"thumbnailUrl":"https:\/\/zenkaisen.fr\/wp-content\/uploads\/2025\/12\/image.png","datePublished":"2025-12-16T00:47:26+00:00","dateModified":"2025-12-16T00:47:27+00:00","breadcrumb":{"@id":"https:\/\/zenkaisen.fr\/livre\/lesprit-de-la-petanque\/#breadcrumb"},"inLanguage":"cs","potentialAction":[{"@type":"ReadAction","target":["https:\/\/zenkaisen.fr\/livre\/lesprit-de-la-petanque\/"]}]},{"@type":"ImageObject","inLanguage":"cs","@id":"https:\/\/zenkaisen.fr\/livre\/lesprit-de-la-petanque\/#primaryimage","url":"https:\/\/zenkaisen.fr\/wp-content\/uploads\/2025\/12\/image.png","contentUrl":"https:\/\/zenkaisen.fr\/wp-content\/uploads\/2025\/12\/image.png","width":200,"height":317},{"@type":"BreadcrumbList","@id":"https:\/\/zenkaisen.fr\/livre\/lesprit-de-la-petanque\/#breadcrumb","itemListElement":[{"@type":"ListItem","position":1,"name":"Strona g\u0142\u00f3wna","item":"https:\/\/zenkaisen.fr\/"},{"@type":"ListItem","position":2,"name":"L&#8217;esprit de la p\u00e9tanque"}]},{"@type":"WebSite","@id":"https:\/\/zenkaisen.fr\/ru\/#website","url":"https:\/\/zenkaisen.fr\/ru\/","name":"Zen Kaisen","description":"Zen","publisher":{"@id":"https:\/\/zenkaisen.fr\/ru\/#organization"},"potentialAction":[{"@type":"SearchAction","target":{"@type":"EntryPoint","urlTemplate":"https:\/\/zenkaisen.fr\/ru\/?s={search_term_string}"},"query-input":{"@type":"PropertyValueSpecification","valueRequired":true,"valueName":"search_term_string"}}],"inLanguage":"cs"},{"@type":"Organization","@id":"https:\/\/zenkaisen.fr\/ru\/#organization","name":"Zen Kaisen","url":"https:\/\/zenkaisen.fr\/ru\/","logo":{"@type":"ImageObject","inLanguage":"cs","@id":"https:\/\/zenkaisen.fr\/ru\/#\/schema\/logo\/image\/","url":"https:\/\/zenkaisen.fr\/wp-content\/uploads\/2025\/07\/logo.png","contentUrl":"https:\/\/zenkaisen.fr\/wp-content\/uploads\/2025\/07\/logo.png","width":300,"height":300,"caption":"Le Zen de Kaisen"},"image":{"@id":"https:\/\/zenkaisen.fr\/ru\/#\/schema\/logo\/image\/"}}]}},"_links":{"self":[{"href":"https:\/\/zenkaisen.fr\/cs\/wp-json\/wp\/v2\/livre\/2337","targetHints":{"allow":["GET"]}}],"collection":[{"href":"https:\/\/zenkaisen.fr\/cs\/wp-json\/wp\/v2\/livre"}],"about":[{"href":"https:\/\/zenkaisen.fr\/cs\/wp-json\/wp\/v2\/types\/livre"}],"wp:featuredmedia":[{"embeddable":true,"href":"https:\/\/zenkaisen.fr\/cs\/wp-json\/wp\/v2\/media\/2338"}],"wp:attachment":[{"href":"https:\/\/zenkaisen.fr\/cs\/wp-json\/wp\/v2\/media?parent=2337"}],"curies":[{"name":"wp","href":"https:\/\/api.w.org\/{rel}","templated":true}]}}