{"id":2518,"date":"2025-12-27T18:47:59","date_gmt":"2025-12-27T18:47:59","guid":{"rendered":"https:\/\/zenkaisen.fr\/?post_type=livre&#038;p=2518"},"modified":"2025-12-27T18:48:00","modified_gmt":"2025-12-27T18:48:00","slug":"kdyz-se-laska-probudi","status":"publish","type":"livre","link":"https:\/\/zenkaisen.fr\/cs\/kniha\/kdyz-se-laska-probudi\/","title":{"rendered":"Kdy\u017e se probud\u00ed l\u00e1ska"},"content":{"rendered":"<p>Form\u00e1t: CD, D\u00e9lka: 60\u2032<br>Datum zve\u0159ejn\u011bn\u00ed: 17. \u010dervna 2002<br>Vydavatel: Univox<\/p>\n\n\n\n<p>\u00abL\u00e1ska je zbyte\u010dn\u00e1, tak jak je v podstat\u011b ducha; proto se zt\u011bles\u0148uje v \u010dlov\u011bku, aby mohla b\u00fdt uvedena do \u010dinnosti. V\u0161echny bytosti jsou ve sv\u00e9 podstat\u011b dobr\u00e9. \u010clov\u011bk od\u0159\u00edznut\u00fd od velk\u00e9 moudrosti, od v\u011bdom\u00ed Alaya, je omezen svou lidskou moudrost\u00ed, dokud neosv\u00edt\u00ed l\u00e1sku, omezenou \u010dasem a prostorem, v\u011bdom\u00edm Amala, kter\u00e9 je stejn\u011b do\u010dasn\u00e9 jako t\u011blo. \u010clov\u011bk trp\u00ed, proto\u017ee nezn\u00e1 sv\u016fj p\u016fvod. Neznaje sv\u016fj p\u016fvod, hled\u00e1 \u0161t\u011bst\u00ed jinde ne\u017e v p\u016fvodu. Existuje most, kter\u00fd spojuje v\u011bdom\u00ed s nev\u011bdom\u00edm, kter\u00fd spojuje b\u011b\u017en\u00e9 my\u0161len\u00ed s nekone\u010dn\u00fdm my\u0161len\u00edm.\u00bb<\/p>\n\n\n\n<p>Audio uk\u00e1zky:<\/p>\n\n\n\n<audio src=\"https:\/\/devteam.stronazen.pl\/old-zenkaisen\/wp-content\/uploads\/2024\/05\/10-quand-lamour-seveillera.mp3\" controls=\"controls\" preload=\"none\"><\/audio>","protected":false},"excerpt":{"rendered":"<p>Format : CD, Dur\u00e9e : 60&prime;Date de publication : 17 juin 2002\u00c9diteur : Univox \u00ab L&rsquo;Amour est inutile tel qu&rsquo;il est dans l&rsquo;essence de l&rsquo;esprit ; c&rsquo;est pourquoi il s&rsquo;incarne [&hellip;]<\/p>\n","protected":false},"featured_media":2498,"template":"","meta":{"_acf_changed":false},"class_list":["post-2518","livre","type-livre","status-publish","has-post-thumbnail","hentry"],"acf":[],"yoast_head":"<!-- This site is optimized with the Yoast SEO plugin v27.4 - https:\/\/yoast.com\/product\/yoast-seo-wordpress\/ -->\n<title>Quand l&#039;Amour s&#039;\u00e9veillera - Le Zen de Kaisen<\/title>\n<meta name=\"robots\" content=\"index, follow, max-snippet:-1, max-image-preview:large, max-video-preview:-1\" \/>\n<link rel=\"canonical\" href=\"https:\/\/zenkaisen.fr\/cs\/kniha\/kdyz-se-laska-probudi\/\" \/>\n<meta property=\"og:locale\" content=\"cs_CZ\" \/>\n<meta property=\"og:type\" content=\"article\" \/>\n<meta property=\"og:title\" content=\"Quand l&#039;Amour s&#039;\u00e9veillera - Le Zen de Kaisen\" \/>\n<meta property=\"og:description\" content=\"Format : CD, Dur\u00e9e : 60&prime;Date de publication : 17 juin 2002\u00c9diteur : Univox \u00ab L&rsquo;Amour est inutile tel qu&rsquo;il est dans l&rsquo;essence de l&rsquo;esprit ; c&rsquo;est pourquoi il s&rsquo;incarne [&hellip;]\" \/>\n<meta property=\"og:url\" content=\"https:\/\/zenkaisen.fr\/cs\/kniha\/kdyz-se-laska-probudi\/\" \/>\n<meta property=\"og:site_name\" content=\"Le Zen de Kaisen\" \/>\n<meta property=\"article:modified_time\" content=\"2025-12-27T18:48:00+00:00\" \/>\n<meta property=\"og:image\" content=\"https:\/\/zenkaisen.fr\/wp-content\/uploads\/2025\/12\/Quand-lAmour-seveillera.jpg\" \/>\n\t<meta property=\"og:image:width\" content=\"200\" \/>\n\t<meta property=\"og:image:height\" content=\"200\" \/>\n\t<meta property=\"og:image:type\" content=\"image\/jpeg\" \/>\n<meta name=\"twitter:card\" content=\"summary_large_image\" \/>\n<meta name=\"twitter:label1\" content=\"Odhadovan\u00e1 doba \u010dten\u00ed\" \/>\n\t<meta name=\"twitter:data1\" content=\"1 minuta\" \/>\n<script type=\"application\/ld+json\" class=\"yoast-schema-graph\">{\"@context\":\"https:\\\/\\\/schema.org\",\"@graph\":[{\"@type\":\"WebPage\",\"@id\":\"https:\\\/\\\/zenkaisen.fr\\\/livre\\\/quand-lamour-seveillera\\\/\",\"url\":\"https:\\\/\\\/zenkaisen.fr\\\/livre\\\/quand-lamour-seveillera\\\/\",\"name\":\"Quand l'Amour s'\u00e9veillera - Le Zen de Kaisen\",\"isPartOf\":{\"@id\":\"https:\\\/\\\/zenkaisen.fr\\\/ru\\\/#website\"},\"primaryImageOfPage\":{\"@id\":\"https:\\\/\\\/zenkaisen.fr\\\/livre\\\/quand-lamour-seveillera\\\/#primaryimage\"},\"image\":{\"@id\":\"https:\\\/\\\/zenkaisen.fr\\\/livre\\\/quand-lamour-seveillera\\\/#primaryimage\"},\"thumbnailUrl\":\"https:\\\/\\\/zenkaisen.fr\\\/wp-content\\\/uploads\\\/2025\\\/12\\\/Quand-lAmour-seveillera.jpg\",\"datePublished\":\"2025-12-27T18:47:59+00:00\",\"dateModified\":\"2025-12-27T18:48:00+00:00\",\"breadcrumb\":{\"@id\":\"https:\\\/\\\/zenkaisen.fr\\\/livre\\\/quand-lamour-seveillera\\\/#breadcrumb\"},\"inLanguage\":\"cs\",\"potentialAction\":[{\"@type\":\"ReadAction\",\"target\":[\"https:\\\/\\\/zenkaisen.fr\\\/livre\\\/quand-lamour-seveillera\\\/\"]}]},{\"@type\":\"ImageObject\",\"inLanguage\":\"cs\",\"@id\":\"https:\\\/\\\/zenkaisen.fr\\\/livre\\\/quand-lamour-seveillera\\\/#primaryimage\",\"url\":\"https:\\\/\\\/zenkaisen.fr\\\/wp-content\\\/uploads\\\/2025\\\/12\\\/Quand-lAmour-seveillera.jpg\",\"contentUrl\":\"https:\\\/\\\/zenkaisen.fr\\\/wp-content\\\/uploads\\\/2025\\\/12\\\/Quand-lAmour-seveillera.jpg\",\"width\":200,\"height\":200},{\"@type\":\"BreadcrumbList\",\"@id\":\"https:\\\/\\\/zenkaisen.fr\\\/livre\\\/quand-lamour-seveillera\\\/#breadcrumb\",\"itemListElement\":[{\"@type\":\"ListItem\",\"position\":1,\"name\":\"Strona g\u0142\u00f3wna\",\"item\":\"https:\\\/\\\/zenkaisen.fr\\\/\"},{\"@type\":\"ListItem\",\"position\":2,\"name\":\"Quand l&#8217;Amour s&#8217;\u00e9veillera\"}]},{\"@type\":\"WebSite\",\"@id\":\"https:\\\/\\\/zenkaisen.fr\\\/ru\\\/#website\",\"url\":\"https:\\\/\\\/zenkaisen.fr\\\/ru\\\/\",\"name\":\"Le Zen de Kaisen\",\"description\":\"Zen\",\"publisher\":{\"@id\":\"https:\\\/\\\/zenkaisen.fr\\\/ru\\\/#organization\"},\"potentialAction\":[{\"@type\":\"SearchAction\",\"target\":{\"@type\":\"EntryPoint\",\"urlTemplate\":\"https:\\\/\\\/zenkaisen.fr\\\/ru\\\/?s={search_term_string}\"},\"query-input\":{\"@type\":\"PropertyValueSpecification\",\"valueRequired\":true,\"valueName\":\"search_term_string\"}}],\"inLanguage\":\"cs\"},{\"@type\":\"Organization\",\"@id\":\"https:\\\/\\\/zenkaisen.fr\\\/ru\\\/#organization\",\"name\":\"Le Zen de Kaisen\",\"url\":\"https:\\\/\\\/zenkaisen.fr\\\/ru\\\/\",\"logo\":{\"@type\":\"ImageObject\",\"inLanguage\":\"cs\",\"@id\":\"https:\\\/\\\/zenkaisen.fr\\\/ru\\\/#\\\/schema\\\/logo\\\/image\\\/\",\"url\":\"https:\\\/\\\/zenkaisen.fr\\\/wp-content\\\/uploads\\\/2025\\\/07\\\/logo.png\",\"contentUrl\":\"https:\\\/\\\/zenkaisen.fr\\\/wp-content\\\/uploads\\\/2025\\\/07\\\/logo.png\",\"width\":300,\"height\":300,\"caption\":\"Le Zen de Kaisen\"},\"image\":{\"@id\":\"https:\\\/\\\/zenkaisen.fr\\\/ru\\\/#\\\/schema\\\/logo\\\/image\\\/\"}}]}<\/script>\n<!-- \/ Yoast SEO plugin. -->","yoast_head_json":{"title":"Kdy\u017e se probud\u00ed l\u00e1ska \u2013 Zen Kaisen","robots":{"index":"index","follow":"follow","max-snippet":"max-snippet:-1","max-image-preview":"max-image-preview:large","max-video-preview":"max-video-preview:-1"},"canonical":"https:\/\/zenkaisen.fr\/cs\/kniha\/kdyz-se-laska-probudi\/","og_locale":"cs_CZ","og_type":"article","og_title":"Quand l'Amour s'\u00e9veillera - Le Zen de Kaisen","og_description":"Format : CD, Dur\u00e9e : 60&prime;Date de publication : 17 juin 2002\u00c9diteur : Univox \u00ab L&rsquo;Amour est inutile tel qu&rsquo;il est dans l&rsquo;essence de l&rsquo;esprit ; c&rsquo;est pourquoi il s&rsquo;incarne [&hellip;]","og_url":"https:\/\/zenkaisen.fr\/cs\/kniha\/kdyz-se-laska-probudi\/","og_site_name":"Le Zen de Kaisen","article_modified_time":"2025-12-27T18:48:00+00:00","og_image":[{"width":200,"height":200,"url":"https:\/\/zenkaisen.fr\/wp-content\/uploads\/2025\/12\/Quand-lAmour-seveillera.jpg","type":"image\/jpeg"}],"twitter_card":"summary_large_image","twitter_misc":{"Odhadovan\u00e1 doba \u010dten\u00ed":"1 minuta"},"schema":{"@context":"https:\/\/schema.org","@graph":[{"@type":"WebPage","@id":"https:\/\/zenkaisen.fr\/livre\/quand-lamour-seveillera\/","url":"https:\/\/zenkaisen.fr\/livre\/quand-lamour-seveillera\/","name":"Kdy\u017e se probud\u00ed l\u00e1ska \u2013 Zen Kaisen","isPartOf":{"@id":"https:\/\/zenkaisen.fr\/ru\/#website"},"primaryImageOfPage":{"@id":"https:\/\/zenkaisen.fr\/livre\/quand-lamour-seveillera\/#primaryimage"},"image":{"@id":"https:\/\/zenkaisen.fr\/livre\/quand-lamour-seveillera\/#primaryimage"},"thumbnailUrl":"https:\/\/zenkaisen.fr\/wp-content\/uploads\/2025\/12\/Quand-lAmour-seveillera.jpg","datePublished":"2025-12-27T18:47:59+00:00","dateModified":"2025-12-27T18:48:00+00:00","breadcrumb":{"@id":"https:\/\/zenkaisen.fr\/livre\/quand-lamour-seveillera\/#breadcrumb"},"inLanguage":"cs","potentialAction":[{"@type":"ReadAction","target":["https:\/\/zenkaisen.fr\/livre\/quand-lamour-seveillera\/"]}]},{"@type":"ImageObject","inLanguage":"cs","@id":"https:\/\/zenkaisen.fr\/livre\/quand-lamour-seveillera\/#primaryimage","url":"https:\/\/zenkaisen.fr\/wp-content\/uploads\/2025\/12\/Quand-lAmour-seveillera.jpg","contentUrl":"https:\/\/zenkaisen.fr\/wp-content\/uploads\/2025\/12\/Quand-lAmour-seveillera.jpg","width":200,"height":200},{"@type":"BreadcrumbList","@id":"https:\/\/zenkaisen.fr\/livre\/quand-lamour-seveillera\/#breadcrumb","itemListElement":[{"@type":"ListItem","position":1,"name":"Strona g\u0142\u00f3wna","item":"https:\/\/zenkaisen.fr\/"},{"@type":"ListItem","position":2,"name":"Quand l&#8217;Amour s&#8217;\u00e9veillera"}]},{"@type":"WebSite","@id":"https:\/\/zenkaisen.fr\/ru\/#website","url":"https:\/\/zenkaisen.fr\/ru\/","name":"Zen Kaisen","description":"Zen","publisher":{"@id":"https:\/\/zenkaisen.fr\/ru\/#organization"},"potentialAction":[{"@type":"SearchAction","target":{"@type":"EntryPoint","urlTemplate":"https:\/\/zenkaisen.fr\/ru\/?s={search_term_string}"},"query-input":{"@type":"PropertyValueSpecification","valueRequired":true,"valueName":"search_term_string"}}],"inLanguage":"cs"},{"@type":"Organization","@id":"https:\/\/zenkaisen.fr\/ru\/#organization","name":"Zen Kaisen","url":"https:\/\/zenkaisen.fr\/ru\/","logo":{"@type":"ImageObject","inLanguage":"cs","@id":"https:\/\/zenkaisen.fr\/ru\/#\/schema\/logo\/image\/","url":"https:\/\/zenkaisen.fr\/wp-content\/uploads\/2025\/07\/logo.png","contentUrl":"https:\/\/zenkaisen.fr\/wp-content\/uploads\/2025\/07\/logo.png","width":300,"height":300,"caption":"Le Zen de Kaisen"},"image":{"@id":"https:\/\/zenkaisen.fr\/ru\/#\/schema\/logo\/image\/"}}]}},"_links":{"self":[{"href":"https:\/\/zenkaisen.fr\/cs\/wp-json\/wp\/v2\/livre\/2518","targetHints":{"allow":["GET"]}}],"collection":[{"href":"https:\/\/zenkaisen.fr\/cs\/wp-json\/wp\/v2\/livre"}],"about":[{"href":"https:\/\/zenkaisen.fr\/cs\/wp-json\/wp\/v2\/types\/livre"}],"wp:featuredmedia":[{"embeddable":true,"href":"https:\/\/zenkaisen.fr\/cs\/wp-json\/wp\/v2\/media\/2498"}],"wp:attachment":[{"href":"https:\/\/zenkaisen.fr\/cs\/wp-json\/wp\/v2\/media?parent=2518"}],"curies":[{"name":"wp","href":"https:\/\/api.w.org\/{rel}","templated":true}]}}