{"id":2516,"date":"2025-12-27T18:46:16","date_gmt":"2025-12-27T18:46:16","guid":{"rendered":"https:\/\/zenkaisen.fr\/?post_type=livre&#038;p=2516"},"modified":"2025-12-27T18:46:18","modified_gmt":"2025-12-27T18:46:18","slug":"%d1%8f-%d0%bd%d0%b0%d0%b4%d0%b0%d0%bc-%d1%81%d0%b5%d0%bd%d1%81-%d0%b6%d0%b8%d1%82%d1%82%d1%8e","status":"publish","type":"livre","link":"https:\/\/zenkaisen.fr\/uk\/%d0%ba%d0%bd%d0%b8%d0%b3%d0%b0\/%d1%8f-%d0%bd%d0%b0%d0%b4%d0%b0%d0%bc-%d1%81%d0%b5%d0%bd%d1%81-%d0%b6%d0%b8%d1%82%d1%82%d1%8e\/","title":{"rendered":"\u042f \u043d\u0430\u0434\u0430\u043c \u0441\u0435\u043d\u0441 \u0436\u0438\u0442\u0442\u044e"},"content":{"rendered":"<p>\u0424\u043e\u0440\u043c\u0430\u0442: CD, \u0422\u0440\u0438\u0432\u0430\u043b\u0456\u0441\u0442\u044c: 44\u2032<br>\u0414\u0430\u0442\u0430 \u043f\u0443\u0431\u043b\u0456\u043a\u0430\u0446\u0456\u0457: 17 \u0447\u0435\u0440\u0432\u043d\u044f 2002 \u0440\u043e\u043a\u0443<br>\u0412\u0438\u0434\u0430\u0432\u0435\u0446\u044c: Univox<\/p>\n\n\n\n<p>\u00ab\u0416\u0438\u0442\u0442\u044f \u043c\u0430\u0454 \u0441\u0435\u043d\u0441 \u0442\u0456\u043b\u044c\u043a\u0438 \u0442\u043e\u0434\u0456, \u043a\u043e\u043b\u0438 \u044f \u043d\u0430\u0434\u0430\u044e \u0439\u043e\u043c\u0443 \u0441\u0435\u043d\u0441. \u0411\u0443\u0442\u0438 \u0416\u0438\u0432\u0438\u043c, \u0441\u0443\u0442\u043d\u0456\u0441\u0442\u044e \u0432\u0441\u044c\u043e\u0433\u043e: \u043e\u0441\u044c \u044f\u043a\u0438\u0439 \u0441\u0435\u043d\u0441 \u044f \u043f\u043e\u0432\u0438\u043d\u0435\u043d \u043d\u0430\u0434\u0430\u0442\u0438 \u0441\u0432\u043e\u0454\u043c\u0443 \u0436\u0438\u0442\u0442\u044e. \u0429\u043e \u0442\u0430\u043a\u0435 \u0411\u043e\u0433? \u0429\u043e \u0454 \u0432\u0456\u0447\u043d\u0438\u043c \u0443 \u043c\u0435\u043d\u0456? \u0425\u0442\u043e \u0454 \u0442\u043e\u0439, \u0445\u0442\u043e \u0434\u0443\u043c\u0430\u0454, \u0449\u043e \u0454? \u0412\u0441\u0456 \u0434\u0443\u043c\u0430\u044e\u0442\u044c, \u0449\u043e \u0454, \u0430\u043b\u0435 \u0445\u0442\u043e \u0454 \u043c\u0438\u0441\u043b\u0438\u0442\u0435\u043b\u044c? \u0414\u0435 \u0432\u0456\u043d? \u0412\u0438 \u0439\u043e\u0433\u043e \u0431\u0430\u0447\u0438\u043b\u0438?\u2026 \u041d\u0430\u0439\u0431\u0456\u043b\u044c\u0448\u0430 \u043f\u0435\u0440\u0435\u043c\u043e\u0433\u0430, \u044f\u043a\u0443 \u043c\u043e\u0436\u0435 \u0437\u0434\u043e\u0431\u0443\u0442\u0438 \u043b\u044e\u0434\u0438\u043d\u0430, \u2013 \u0446\u0435 \u0434\u043e\u0437\u0432\u043e\u043b\u0438\u0442\u0438 \u0441\u043e\u0431\u0456 \u043f\u0440\u0438\u0439\u043d\u044f\u0442\u0438 \u0421\u0443\u0442\u043d\u0456\u0441\u0442\u044c \u0411\u043e\u0433\u0430, \u0441\u0432\u043e\u044e \u0432\u043b\u0430\u0441\u043d\u0443 \u0441\u0443\u0442\u043d\u0456\u0441\u0442\u044c\u00bb.\u00bb<\/p>\n\n\n\n<p>\u0410\u0443\u0434\u0456\u043e\u0444\u0440\u0430\u0433\u043c\u0435\u043d\u0442\u0438:<\/p>\n\n\n\n<audio src=\"https:\/\/devteam.stronazen.pl\/old-zenkaisen\/wp-content\/uploads\/2024\/05\/8-je-donnerai-un-sens-a-la-vie.mp3\" controls=\"controls\" preload=\"none\"><\/audio>","protected":false},"excerpt":{"rendered":"<p>Format : CD, Dur\u00e9e : 44&prime;Date de publication : 17 juin 2002\u00c9diteur : Univox \u00ab La vie n&rsquo;a de sens que si je lui en donne un. \u00catre le Vivant, [&hellip;]<\/p>\n","protected":false},"featured_media":2499,"template":"","meta":{"_acf_changed":false},"class_list":["post-2516","livre","type-livre","status-publish","has-post-thumbnail","hentry"],"acf":[],"yoast_head":"<!-- This site is optimized with the Yoast SEO plugin v27.4 - https:\/\/yoast.com\/product\/yoast-seo-wordpress\/ -->\n<title>Je donnerai un sens \u00e0 la vie - Le Zen de Kaisen<\/title>\n<meta name=\"robots\" content=\"index, follow, max-snippet:-1, max-image-preview:large, max-video-preview:-1\" \/>\n<link rel=\"canonical\" href=\"https:\/\/zenkaisen.fr\/uk\/\u043a\u043d\u0438\u0433\u0430\/\u044f-\u043d\u0430\u0434\u0430\u043c-\u0441\u0435\u043d\u0441-\u0436\u0438\u0442\u0442\u044e\/\" \/>\n<meta property=\"og:locale\" content=\"uk_UA\" \/>\n<meta property=\"og:type\" content=\"article\" \/>\n<meta property=\"og:title\" content=\"Je donnerai un sens \u00e0 la vie - Le Zen de Kaisen\" \/>\n<meta property=\"og:description\" content=\"Format : CD, Dur\u00e9e : 44&prime;Date de publication : 17 juin 2002\u00c9diteur : Univox \u00ab La vie n&rsquo;a de sens que si je lui en donne un. \u00catre le Vivant, [&hellip;]\" \/>\n<meta property=\"og:url\" content=\"https:\/\/zenkaisen.fr\/uk\/\u043a\u043d\u0438\u0433\u0430\/\u044f-\u043d\u0430\u0434\u0430\u043c-\u0441\u0435\u043d\u0441-\u0436\u0438\u0442\u0442\u044e\/\" \/>\n<meta property=\"og:site_name\" content=\"Le Zen de Kaisen\" \/>\n<meta property=\"article:modified_time\" content=\"2025-12-27T18:46:18+00:00\" \/>\n<meta property=\"og:image\" content=\"https:\/\/zenkaisen.fr\/wp-content\/uploads\/2025\/12\/Je-donnerai-un-sens-a-la-vie.jpg\" \/>\n\t<meta property=\"og:image:width\" content=\"200\" \/>\n\t<meta property=\"og:image:height\" content=\"199\" \/>\n\t<meta property=\"og:image:type\" content=\"image\/jpeg\" \/>\n<meta name=\"twitter:card\" content=\"summary_large_image\" \/>\n<meta name=\"twitter:label1\" content=\"\u041f\u0440\u0438\u0431\u043b. \u0447\u0430\u0441 \u0447\u0438\u0442\u0430\u043d\u043d\u044f\" \/>\n\t<meta name=\"twitter:data1\" content=\"1 \u0445\u0432\u0438\u043b\u0438\u043d\u0430\" \/>\n<script type=\"application\/ld+json\" class=\"yoast-schema-graph\">{\"@context\":\"https:\\\/\\\/schema.org\",\"@graph\":[{\"@type\":\"WebPage\",\"@id\":\"https:\\\/\\\/zenkaisen.fr\\\/livre\\\/je-donnerai-un-sens-a-la-vie\\\/\",\"url\":\"https:\\\/\\\/zenkaisen.fr\\\/livre\\\/je-donnerai-un-sens-a-la-vie\\\/\",\"name\":\"Je donnerai un sens \u00e0 la vie - Le Zen de Kaisen\",\"isPartOf\":{\"@id\":\"https:\\\/\\\/zenkaisen.fr\\\/ru\\\/#website\"},\"primaryImageOfPage\":{\"@id\":\"https:\\\/\\\/zenkaisen.fr\\\/livre\\\/je-donnerai-un-sens-a-la-vie\\\/#primaryimage\"},\"image\":{\"@id\":\"https:\\\/\\\/zenkaisen.fr\\\/livre\\\/je-donnerai-un-sens-a-la-vie\\\/#primaryimage\"},\"thumbnailUrl\":\"https:\\\/\\\/zenkaisen.fr\\\/wp-content\\\/uploads\\\/2025\\\/12\\\/Je-donnerai-un-sens-a-la-vie.jpg\",\"datePublished\":\"2025-12-27T18:46:16+00:00\",\"dateModified\":\"2025-12-27T18:46:18+00:00\",\"breadcrumb\":{\"@id\":\"https:\\\/\\\/zenkaisen.fr\\\/livre\\\/je-donnerai-un-sens-a-la-vie\\\/#breadcrumb\"},\"inLanguage\":\"uk\",\"potentialAction\":[{\"@type\":\"ReadAction\",\"target\":[\"https:\\\/\\\/zenkaisen.fr\\\/livre\\\/je-donnerai-un-sens-a-la-vie\\\/\"]}]},{\"@type\":\"ImageObject\",\"inLanguage\":\"uk\",\"@id\":\"https:\\\/\\\/zenkaisen.fr\\\/livre\\\/je-donnerai-un-sens-a-la-vie\\\/#primaryimage\",\"url\":\"https:\\\/\\\/zenkaisen.fr\\\/wp-content\\\/uploads\\\/2025\\\/12\\\/Je-donnerai-un-sens-a-la-vie.jpg\",\"contentUrl\":\"https:\\\/\\\/zenkaisen.fr\\\/wp-content\\\/uploads\\\/2025\\\/12\\\/Je-donnerai-un-sens-a-la-vie.jpg\",\"width\":200,\"height\":199},{\"@type\":\"BreadcrumbList\",\"@id\":\"https:\\\/\\\/zenkaisen.fr\\\/livre\\\/je-donnerai-un-sens-a-la-vie\\\/#breadcrumb\",\"itemListElement\":[{\"@type\":\"ListItem\",\"position\":1,\"name\":\"Strona g\u0142\u00f3wna\",\"item\":\"https:\\\/\\\/zenkaisen.fr\\\/\"},{\"@type\":\"ListItem\",\"position\":2,\"name\":\"Je donnerai un sens \u00e0 la vie\"}]},{\"@type\":\"WebSite\",\"@id\":\"https:\\\/\\\/zenkaisen.fr\\\/ru\\\/#website\",\"url\":\"https:\\\/\\\/zenkaisen.fr\\\/ru\\\/\",\"name\":\"Le Zen de Kaisen\",\"description\":\"Zen\",\"publisher\":{\"@id\":\"https:\\\/\\\/zenkaisen.fr\\\/ru\\\/#organization\"},\"potentialAction\":[{\"@type\":\"SearchAction\",\"target\":{\"@type\":\"EntryPoint\",\"urlTemplate\":\"https:\\\/\\\/zenkaisen.fr\\\/ru\\\/?s={search_term_string}\"},\"query-input\":{\"@type\":\"PropertyValueSpecification\",\"valueRequired\":true,\"valueName\":\"search_term_string\"}}],\"inLanguage\":\"uk\"},{\"@type\":\"Organization\",\"@id\":\"https:\\\/\\\/zenkaisen.fr\\\/ru\\\/#organization\",\"name\":\"Le Zen de Kaisen\",\"url\":\"https:\\\/\\\/zenkaisen.fr\\\/ru\\\/\",\"logo\":{\"@type\":\"ImageObject\",\"inLanguage\":\"uk\",\"@id\":\"https:\\\/\\\/zenkaisen.fr\\\/ru\\\/#\\\/schema\\\/logo\\\/image\\\/\",\"url\":\"https:\\\/\\\/zenkaisen.fr\\\/wp-content\\\/uploads\\\/2025\\\/07\\\/logo.png\",\"contentUrl\":\"https:\\\/\\\/zenkaisen.fr\\\/wp-content\\\/uploads\\\/2025\\\/07\\\/logo.png\",\"width\":300,\"height\":300,\"caption\":\"Le Zen de Kaisen\"},\"image\":{\"@id\":\"https:\\\/\\\/zenkaisen.fr\\\/ru\\\/#\\\/schema\\\/logo\\\/image\\\/\"}}]}<\/script>\n<!-- \/ Yoast SEO plugin. -->","yoast_head_json":{"title":"\u042f \u043d\u0430\u0434\u0430\u043c \u0441\u0435\u043d\u0441 \u0436\u0438\u0442\u0442\u044e - \u0414\u0437\u0435\u043d \u041a\u0430\u0439\u0441\u0435\u043d\u0430","robots":{"index":"index","follow":"follow","max-snippet":"max-snippet:-1","max-image-preview":"max-image-preview:large","max-video-preview":"max-video-preview:-1"},"canonical":"https:\/\/zenkaisen.fr\/uk\/\u043a\u043d\u0438\u0433\u0430\/\u044f-\u043d\u0430\u0434\u0430\u043c-\u0441\u0435\u043d\u0441-\u0436\u0438\u0442\u0442\u044e\/","og_locale":"uk_UA","og_type":"article","og_title":"Je donnerai un sens \u00e0 la vie - Le Zen de Kaisen","og_description":"Format : CD, Dur\u00e9e : 44&prime;Date de publication : 17 juin 2002\u00c9diteur : Univox \u00ab La vie n&rsquo;a de sens que si je lui en donne un. \u00catre le Vivant, [&hellip;]","og_url":"https:\/\/zenkaisen.fr\/uk\/\u043a\u043d\u0438\u0433\u0430\/\u044f-\u043d\u0430\u0434\u0430\u043c-\u0441\u0435\u043d\u0441-\u0436\u0438\u0442\u0442\u044e\/","og_site_name":"Le Zen de Kaisen","article_modified_time":"2025-12-27T18:46:18+00:00","og_image":[{"width":200,"height":199,"url":"https:\/\/zenkaisen.fr\/wp-content\/uploads\/2025\/12\/Je-donnerai-un-sens-a-la-vie.jpg","type":"image\/jpeg"}],"twitter_card":"summary_large_image","twitter_misc":{"\u041f\u0440\u0438\u0431\u043b. \u0447\u0430\u0441 \u0447\u0438\u0442\u0430\u043d\u043d\u044f":"1 \u0445\u0432\u0438\u043b\u0438\u043d\u0430"},"schema":{"@context":"https:\/\/schema.org","@graph":[{"@type":"WebPage","@id":"https:\/\/zenkaisen.fr\/livre\/je-donnerai-un-sens-a-la-vie\/","url":"https:\/\/zenkaisen.fr\/livre\/je-donnerai-un-sens-a-la-vie\/","name":"\u042f \u043d\u0430\u0434\u0430\u043c \u0441\u0435\u043d\u0441 \u0436\u0438\u0442\u0442\u044e - \u0414\u0437\u0435\u043d \u041a\u0430\u0439\u0441\u0435\u043d\u0430","isPartOf":{"@id":"https:\/\/zenkaisen.fr\/ru\/#website"},"primaryImageOfPage":{"@id":"https:\/\/zenkaisen.fr\/livre\/je-donnerai-un-sens-a-la-vie\/#primaryimage"},"image":{"@id":"https:\/\/zenkaisen.fr\/livre\/je-donnerai-un-sens-a-la-vie\/#primaryimage"},"thumbnailUrl":"https:\/\/zenkaisen.fr\/wp-content\/uploads\/2025\/12\/Je-donnerai-un-sens-a-la-vie.jpg","datePublished":"2025-12-27T18:46:16+00:00","dateModified":"2025-12-27T18:46:18+00:00","breadcrumb":{"@id":"https:\/\/zenkaisen.fr\/livre\/je-donnerai-un-sens-a-la-vie\/#breadcrumb"},"inLanguage":"uk","potentialAction":[{"@type":"ReadAction","target":["https:\/\/zenkaisen.fr\/livre\/je-donnerai-un-sens-a-la-vie\/"]}]},{"@type":"ImageObject","inLanguage":"uk","@id":"https:\/\/zenkaisen.fr\/livre\/je-donnerai-un-sens-a-la-vie\/#primaryimage","url":"https:\/\/zenkaisen.fr\/wp-content\/uploads\/2025\/12\/Je-donnerai-un-sens-a-la-vie.jpg","contentUrl":"https:\/\/zenkaisen.fr\/wp-content\/uploads\/2025\/12\/Je-donnerai-un-sens-a-la-vie.jpg","width":200,"height":199},{"@type":"BreadcrumbList","@id":"https:\/\/zenkaisen.fr\/livre\/je-donnerai-un-sens-a-la-vie\/#breadcrumb","itemListElement":[{"@type":"ListItem","position":1,"name":"Strona g\u0142\u00f3wna","item":"https:\/\/zenkaisen.fr\/"},{"@type":"ListItem","position":2,"name":"Je donnerai un sens \u00e0 la vie"}]},{"@type":"WebSite","@id":"https:\/\/zenkaisen.fr\/ru\/#website","url":"https:\/\/zenkaisen.fr\/ru\/","name":"\u0414\u0437\u0435\u043d \u041a\u0430\u0439\u0441\u0435\u043d","description":"\u0414\u0437\u0435\u043d","publisher":{"@id":"https:\/\/zenkaisen.fr\/ru\/#organization"},"potentialAction":[{"@type":"SearchAction","target":{"@type":"EntryPoint","urlTemplate":"https:\/\/zenkaisen.fr\/ru\/?s={search_term_string}"},"query-input":{"@type":"PropertyValueSpecification","valueRequired":true,"valueName":"search_term_string"}}],"inLanguage":"uk"},{"@type":"Organization","@id":"https:\/\/zenkaisen.fr\/ru\/#organization","name":"\u0414\u0437\u0435\u043d \u041a\u0430\u0439\u0441\u0435\u043d","url":"https:\/\/zenkaisen.fr\/ru\/","logo":{"@type":"ImageObject","inLanguage":"uk","@id":"https:\/\/zenkaisen.fr\/ru\/#\/schema\/logo\/image\/","url":"https:\/\/zenkaisen.fr\/wp-content\/uploads\/2025\/07\/logo.png","contentUrl":"https:\/\/zenkaisen.fr\/wp-content\/uploads\/2025\/07\/logo.png","width":300,"height":300,"caption":"Le Zen de Kaisen"},"image":{"@id":"https:\/\/zenkaisen.fr\/ru\/#\/schema\/logo\/image\/"}}]}},"_links":{"self":[{"href":"https:\/\/zenkaisen.fr\/uk\/wp-json\/wp\/v2\/livre\/2516","targetHints":{"allow":["GET"]}}],"collection":[{"href":"https:\/\/zenkaisen.fr\/uk\/wp-json\/wp\/v2\/livre"}],"about":[{"href":"https:\/\/zenkaisen.fr\/uk\/wp-json\/wp\/v2\/types\/livre"}],"wp:featuredmedia":[{"embeddable":true,"href":"https:\/\/zenkaisen.fr\/uk\/wp-json\/wp\/v2\/media\/2499"}],"wp:attachment":[{"href":"https:\/\/zenkaisen.fr\/uk\/wp-json\/wp\/v2\/media?parent=2516"}],"curies":[{"name":"wp","href":"https:\/\/api.w.org\/{rel}","templated":true}]}}